{"id":1188,"date":"2018-08-29T14:42:04","date_gmt":"2018-08-29T17:42:04","guid":{"rendered":"https:\/\/ens8-caba.infd.edu.ar\/sitio\/asociacion-de-exalumnas\/"},"modified":"2025-10-02T11:27:59","modified_gmt":"2025-10-02T14:27:59","slug":"asociacion-de-exalumnas","status":"publish","type":"page","link":"https:\/\/ens8-caba.infd.edu.ar\/sitio\/asociacion-de-exalumnas\/","title":{"rendered":"Asociaci\u00f3n de exalumnas"},"content":{"rendered":"<p style=\"text-align: justify;\">Un grupo de exalumnas se reuni\u00f3 en 2009 para preparar los festejos de los primeros 100 a\u00f1os de nuestro querido Normal N\u00b0 8.<\/p>\n<p style=\"text-align: justify;\">Comenzamos con un cuento<\/p>\n<p style=\"text-align: justify;\"><em>CUENTO DEL CARPINTERO (Adaptaci\u00f3n de un cuento del libro: \u00abCuentos que mi jefe nunca me cont\u00f3\u00bb -LID, 2006, de Juan Mateo)<\/em><\/p>\n<p>Cuentan que en una carpinter\u00eda hubo una extra\u00f1a asamblea Fue una reuni\u00f3n donde las herramientas discutieron sus diferencias&#8230;<br \/>\nEl martillo exig\u00eda la presidencia, pero el resto le exig\u00eda su renuncia. \u00bfLa causa? Hac\u00eda demasiado ruido, y adem\u00e1s se pasaba todo el tiempo golpeando<br \/>\nEl martillo acept\u00f3 su culpa, pero pidi\u00f3 que tambi\u00e9n fuese expulsado el destornillador, alegando que daba muchas vueltas para conseguir algo. El destornillador acepta los argumentos, pero a su vez pide la expulsi\u00f3n de la lija.<br \/>\nDijo que era muy \u00e1spera en el trato con los dem\u00e1s&#8230;<br \/>\nLa lija acat\u00f3, con la condici\u00f3n, de que se expulsase al metro, el cual siempre med\u00eda al otro seg\u00fan su medida, como si fuese el \u00fanico perfecto.<br \/>\nEn ese momento entr\u00f3 el carpintero, junto a todos e inici\u00f3 su trabajo. Utiliz\u00f3 el martillo, la lija, el metro y el destornillador&#8230;<br \/>\nLa r\u00fastica madera se convirti\u00f3 en hermosos muebles.<br \/>\nCuando el carpintero se fue, las herramientas retomaron la discusi\u00f3n<\/p>\n<p>Pero el serrucho se adelant\u00f3 a decir:<br \/>\n-Se\u00f1ores, qued\u00f3 demostrado que tenemos defectos, pero el carpintero trabaja con nuestras cualidades, resaltando nuestros puntos valiosos&#8230;<br \/>\nPor eso en lugar de fijarnos en nuestras flaquezas, debemos concentrarnos en nuestros puntos fuertes\u00bb<br \/>\nEntonces la asamblea entendi\u00f3 que el martillo era fuerte, el destornillador un\u00eda y daba fuerza, la lija era especial para limar las asperezas, y el metro era preciso y exacto.<br \/>\nSe sintieron como un equipo, capaz de producir cosas de calidad; y una gran alegr\u00eda los embarg\u00f3 al darse cuenta de la suerte que ten\u00edan de poder trabajar juntos.<\/p>\n<p>Lo mismo ocurre con los seres humanos. Cuando una persona busca defectos en otra, la situaci\u00f3n se torna tensa y confusa. Al contrario, cuando se busca con sinceridad los puntos fuertes de otro, florecen las mejores conquistas humanas.<\/p>\n<p>Es f\u00e1cil encontrar defectos, cualquiera puede hacerlo, pero encontrar cualidades \u00a1\u00a1Esto es para sabios!!!<\/p>\n<p style=\"text-align: justify;\">Con esta lectura queremos participarlas\/os de la enorme importancia del trabajo en equipo, un poquito cada una\/o aportando sus inquietudes, compartiendo sus ideas, trayendo actividades para realizar, nos permitieron y permitir\u00e1n\u00a0 integrarnos como \u201cComisi\u00f3n de exalumnas\/\u201d para contribuir a la cultura de la comunidad del Normal N\u00b0 8, agradeciendo todo lo hermoso que la escuela nos di\u00f3.<\/p>\n<p style=\"text-align: justify;\">Les contamos que entre esas propuestas:<\/p>\n<p style=\"text-align: justify;\">*Realizamos una caminata alrededor del Parque Patricios finalizando con una merienda, en donde las promociones 72 y 79 fueron premiadas por ser las que m\u00e1s miembros llevaron al encuentro con un lindo trofeo que se encuentra en la vitrina del hall de la escuela.<\/p>\n<p style=\"text-align: justify;\">*En el teatro del anexo, dejaron su tributo el grupo de teatro Don Bosco con la obra \u201cTrampa para un hombre solo\u201d, quienes fueron presentados por Noem\u00ed Monteverde de la promoci\u00f3n 72.<\/p>\n<p style=\"text-align: justify;\">*Tambi\u00e9n nos ofreci\u00f3 su interpretaci\u00f3n el Grupo Vocal Cuadrigal, que fue acercado a esta comisi\u00f3n por la Sra. Vicedirectora de Media del TT la Sra. \u00c9rica Guzm\u00e1n Y\u00e1\u00f1ez, y donde uno de sus integrantes es pap\u00e1 de alumnos del primario.<\/p>\n<p style=\"text-align: justify;\">*Plantamos un arbolito, un ginkgo biloba en el jard\u00edn de Carlos Calvo coloc\u00e1ndosele una placa recordatoria. Elegimos este \u00e1rbol porque cuenta la historia que\u00a0 fines de la II Guerra Mundial una bomba at\u00f3mica fue lanzada en Hiroshimapor los americanos el 6 de agosto de 1945. Las plantas y \u00e1rboles en el \u00e1rea alrededor del epicentro fueron examinados en septiembre de 1946. El viejo\u00a0 Ginkgo destruido y seco, situado junto a un templo distante cerca de 1 km del centro de la explosi\u00f3n, hab\u00eda vuelto a brotar despu\u00e9s de la explosi\u00f3n, sin deformaciones mayores (el templo mismo fue destruido). Cuatro \u00e1rboles Ginkgo bombardeados con bombas at\u00f3micas est\u00e1n vivos todav\u00eda. Para Hiroshima se transform\u00f3 en s\u00edmbolo del renacimiento por lo que se lo llama \u201cportador de esperanzas\u201d, un objeto de veneraci\u00f3n, s\u00edmbolo de unidad de los opuestos, poseedor de un poder milagroso, un s\u00edmbolo del amor. Despu\u00e9s del desastre se despert\u00f3 la curiosidad en la ciencia m\u00e9dica por estudiar las propiedades curativas del <em>Ginkgo biloba<\/em>, asoci\u00e1ndoselo a la longevidad,<\/p>\n<p style=\"text-align: justify;\">Curiosidad: solo los \u00e1rboles viejos dan fruto y por lo tanto un \u00e1rbol plantado por un hombre ser\u00e1 \u00fatil a su nieto \u2026.Vamos a tener que cuidarlo mucho para que ellos lo disfruten!!!<\/p>\n<p style=\"text-align: justify;\">Tambi\u00e9n es llamado \u201c\u00c1rbol de la paz\u201d ya que en New Bedford (Massachusetts, USA) hay un \u00e1rbol de la paz de la ONU, como un s\u00edmbolo comunitario de esperanza por la paz mundial. Fue plantado el ginkgo biloba en 1955 por ni\u00f1os escolares como gesto de esperanza de todos los gobiernos se unir\u00edan a las Naciones Unidas para trabajar por la paz mundial.<\/p>\n<p style=\"text-align: justify;\">Las invitamos a pasar por la escuela as\u00ed\u00a0 podr\u00e1n verlo.<\/p>\n<p style=\"text-align: justify;\">*Se organiz\u00f3 un concierto hermoso interpretado por la Orquesta Filarm\u00f3nica del Gobierno de la Ciudad de Bs As. Que demand\u00f3 gran despliegue y esfuerzo pues quer\u00edamos presentarlo al aire libre frente a la escuela primaria\u2026 pero se suspendi\u00f3 por lluvia.<\/p>\n<p style=\"text-align: justify;\">Lo realizamos finalmente al a\u00f1o siguiente en el Centro Cultural Juli\u00e1n Centella. Que est\u00e1 coordinado por una exalumna del normal, y nos dejaron las puertas abiertas para otros eventos \u2026.. que uds. sugerir\u00e1n y nos ayudar\u00e1n a organizar.<\/p>\n<p style=\"text-align: justify;\">*Se institucionaliz\u00f3 como d\u00eda de la exalumna\/o el primer viernes de octubre de cada a\u00f1o para reencontrarnos con nuestros afectos y realizar entrega de recordatorios.<\/p>\n<p style=\"text-align: justify;\">Entre esas actividades se otorgaron medallas recordatorias a las exalumnas egresadas de las promociones 1961, 1962, 1963, 1964 y a todas las de m\u00e1s de 60 a\u00f1os de egresadas de 1940 a 1951 que se encontraban presentes en la reuni\u00f3n conmemorativa con almuerzo a la canasta.<\/p>\n<p style=\"text-align: justify;\">Y todas estas medallas se pueden entregar gracias al peque\u00f1o aporte que hacen los presentes para la promoci\u00f3n siguiente.<\/p>\n<p style=\"text-align: justify;\">Y por ahora nada m\u00e1s\u2026. esperamos a las pr\u00f3ximas, las de 1966 y todas las otras promociones a juntarnos en la Escuela y pasar un lindo momento juntas.<\/p>\n<p style=\"text-align: justify;\">Toda comunicaci\u00f3n o sugerencia realizarla con<\/p>\n<p style=\"text-align: justify;\">\u00a0\u00a0\u00a0\u00a0\u00a0\u00a0\u00a0\u00a0\u00a0\u00a0\u00a0\u00a0\u00a0\u00a0\u00a0\u00a0\u00a0\u00a0\u00a0\u00a0\u00a0\u00a0\u00a0\u00a0\u00a0\u00a0\u00a0\u00a0\u00a0\u00a0\u00a0\u00a0\u00a0\u00a0\u00a0\u00a0\u00a0\u00a0\u00a0\u00a0\u00a0\u00a0\u00a0\u00a0\u00a0\u00a0\u00a0\u00a0\u00a0 Adriana y Marcela Galaburr\u00ed<\/p>\n<p style=\"text-align: justify;\">\u00a0\u00a0\u00a0\u00a0\u00a0\u00a0\u00a0\u00a0\u00a0\u00a0\u00a0\u00a0\u00a0\u00a0\u00a0\u00a0\u00a0\u00a0\u00a0\u00a0\u00a0\u00a0\u00a0\u00a0\u00a0\u00a0\u00a0\u00a0\u00a0\u00a0\u00a0\u00a0\u00a0\u00a0\u00a0\u00a0\u00a0\u00a0\u00a0\u00a0\u00a0\u00a0\u00a0\u00a0\u00a0\u00a0\u00a0\u00a0\u00a0\u00a0\u00a0\u00a0\u00a0\u00a0\u00a0\u00a0\u00a0\u00a0 Promoci\u00f3n 1970<\/p>\n<p style=\"text-align: justify;\">Adriana Galaburr\u00ed: <a href=\"mailto:adrigala17@gmail.com\">adrigala17@gmail.com<\/a><\/p>\n<p style=\"text-align: justify;\">Marcela Galaburr\u00ed: <a href=\"mailto:marcelagala@yahoo.com.ar\">marcelagala@yahoo.com.ar<\/a><\/p>\n<p style=\"text-align: justify;\">\n<p style=\"text-align: center;\">\n<p style=\"text-align: justify;\">\n","protected":false},"excerpt":{"rendered":"<p>Un grupo de exalumnas se reuni\u00f3 en 2009 para preparar los festejos de los primeros 100 a\u00f1os de nuestro querido Normal N\u00b0 8. Comenzamos con un cuento CUENTO DEL CARPINTERO (Adaptaci\u00f3n de un cuento del libro: \u00abCuentos que mi jefe nunca me cont\u00f3\u00bb -LID, 2006, de Juan Mateo) Cuentan que en una carpinter\u00eda hubo una &#8230; <a title=\"Asociaci\u00f3n de exalumnas\" class=\"read-more\" href=\"https:\/\/ens8-caba.infd.edu.ar\/sitio\/asociacion-de-exalumnas\/\" aria-label=\"More on Asociaci\u00f3n de exalumnas\">[+]<\/a><\/p>\n","protected":false},"author":1393,"featured_media":0,"parent":0,"menu_order":0,"comment_status":"closed","ping_status":"closed","template":"","meta":[],"acf":[],"_links":{"self":[{"href":"https:\/\/ens8-caba.infd.edu.ar\/sitio\/wp-json\/wp\/v2\/pages\/1188"}],"collection":[{"href":"https:\/\/ens8-caba.infd.edu.ar\/sitio\/wp-json\/wp\/v2\/pages"}],"about":[{"href":"https:\/\/ens8-caba.infd.edu.ar\/sitio\/wp-json\/wp\/v2\/types\/page"}],"author":[{"embeddable":true,"href":"https:\/\/ens8-caba.infd.edu.ar\/sitio\/wp-json\/wp\/v2\/users\/1393"}],"replies":[{"embeddable":true,"href":"https:\/\/ens8-caba.infd.edu.ar\/sitio\/wp-json\/wp\/v2\/comments?post=1188"}],"version-history":[{"count":2,"href":"https:\/\/ens8-caba.infd.edu.ar\/sitio\/wp-json\/wp\/v2\/pages\/1188\/revisions"}],"predecessor-version":[{"id":2933,"href":"https:\/\/ens8-caba.infd.edu.ar\/sitio\/wp-json\/wp\/v2\/pages\/1188\/revisions\/2933"}],"wp:attachment":[{"href":"https:\/\/ens8-caba.infd.edu.ar\/sitio\/wp-json\/wp\/v2\/media?parent=1188"}],"curies":[{"name":"wp","href":"https:\/\/api.w.org\/{rel}","templated":true}]}}