{"id":1198,"date":"2018-08-29T14:42:09","date_gmt":"2018-08-29T17:42:09","guid":{"rendered":"https:\/\/ens8-caba.infd.edu.ar\/sitio\/autoridades\/"},"modified":"2026-03-12T11:09:46","modified_gmt":"2026-03-12T14:09:46","slug":"autoridades","status":"publish","type":"page","link":"https:\/\/ens8-caba.infd.edu.ar\/sitio\/autoridades\/","title":{"rendered":"Autoridades"},"content":{"rendered":"\n<p class=\"has-text-align-center has-background\" style=\"background-color:#ccdce7\">&nbsp;<span style=\"font-family: arial, helvetica, sans-serif; font-size: 12pt;\"><strong>RECTORADO<\/strong><\/span><\/p>\n\n\n\n<p class=\"has-text-align-center has-contrast-color has-text-color\"><strong><em>Rectora: <\/em><\/strong><\/p>\n\n\n\n<p class=\"has-text-align-center has-contrast-color has-text-color\"><em>Prof. Karina Marzoa<\/em><\/p>\n\n\n\n<p class=\"has-text-align-center has-contrast-color has-text-color\"><strong><em>Vicerrector: <\/em><\/strong><\/p>\n\n\n\n<p class=\"has-text-align-center has-contrast-color has-text-color\"><em>Prof. Mat\u00edas Gomar<\/em><\/p>\n\n\n\n<hr class=\"wp-block-separator has-alpha-channel-opacity\"\/>\n\n\n\n<p class=\"has-text-align-center has-background\" style=\"background-color:#ccdce7\"><span style=\"color: #000000; font-family: arial, helvetica, sans-serif; font-size: 12pt;\"><strong>NIVEL TERCIARIO<\/strong><\/span><\/p>\n\n\n\n<p class=\"has-text-align-center\"><span style=\"color: #000000; font-size: 12pt; font-family: arial, helvetica, sans-serif;\"><strong>Regente:<em> <\/em><\/strong><\/span><\/p>\n\n\n\n<p class=\"has-text-align-center\"><span style=\"color: #000000; font-size: 12pt; font-family: arial, helvetica, sans-serif;\"><em>Prof.&nbsp;Andrea Mandurino<\/em><\/span><\/p>\n\n\n\n<p><\/p>\n\n\n\n<hr class=\"wp-block-separator has-alpha-channel-opacity\"\/>\n\n\n\n<p class=\"has-text-align-center has-background\" style=\"background-color:#ccdce7\"><span style=\"color: #000000; font-size: 12pt;\"><strong><span style=\"font-family: verdana,geneva;\"><em>&nbsp;<\/em><span style=\"font-family: arial, helvetica, sans-serif;\">NIVEL MEDIO<\/span><\/span><\/strong><\/span><\/p>\n\n\n\n<p class=\"has-text-align-center has-contrast-color has-text-color\"><strong>Directora: <\/strong><\/p>\n\n\n\n<p class=\"has-text-align-center has-contrast-color has-text-color\"><span style=\"color: #000000; font-size: 12pt; font-family: arial, helvetica, sans-serif;\"><em>Prof.\u00a0Roxana Bacigaluppo<\/em><\/span><strong><span style=\"color: #000000; font-size: 12pt;\"><span style=\"font-family: verdana,geneva;\"><em><br><\/em><\/span><\/span><\/strong><\/p>\n\n\n\n<p class=\"has-text-align-center\"><span style=\"color: #000000; font-size: 12pt; font-family: arial, helvetica, sans-serif;\"><strong>Vicedirectora: <\/strong><\/span><\/p>\n\n\n\n<p class=\"has-text-align-center\"><span style=\"color: #000000; font-size: 12pt; font-family: arial, helvetica, sans-serif;\"><em>Prof.\u00a0Patricia Fili<\/em><\/span><strong><span style=\"color: #000000; font-size: 12pt;\"><span style=\"font-family: verdana,geneva;\"><em><br><\/em><\/span><\/span><\/strong><\/p>\n\n\n\n<hr class=\"wp-block-separator has-alpha-channel-opacity\"\/>\n\n\n\n<p class=\"has-text-align-center has-background\" style=\"background-color:#ccdce7\"><span style=\"font-size: 12pt; color: #000000;\"><strong><span style=\"font-family: arial, helvetica, sans-serif;\">NIVEL PRIMARIO<\/span><\/strong><\/span><\/p>\n\n\n\n<p class=\"has-text-align-center\"><span style=\"color: #000000; font-size: 12pt; font-family: arial, helvetica, sans-serif;\"><strong>Regente: <\/strong><\/span><\/p>\n\n\n\n<p class=\"has-text-align-center\"><span style=\"color: #000000; font-size: 12pt; font-family: arial, helvetica, sans-serif;\"><em>Prof. Marcela N. Sosa<\/em><\/span><\/p>\n\n\n\n<p class=\"has-text-align-center\"><span style=\"color: #000000; font-size: 12pt; font-family: arial, helvetica, sans-serif;\"><strong>Subregente: <\/strong><\/span><\/p>\n\n\n\n<p class=\"has-text-align-center\"><span style=\"color: #000000; font-size: 12pt; font-family: arial, helvetica, sans-serif;\"><em>Prof. Diana Cervero<\/em><\/span><\/p>\n\n\n\n<p class=\"has-text-align-center\"><span style=\"color: #000000; font-size: 12pt; font-family: arial, helvetica, sans-serif;\"><strong>Maestro Secretario: <\/strong><\/span><\/p>\n\n\n\n<p class=\"has-text-align-center\"><span style=\"color: #000000; font-size: 12pt; font-family: arial, helvetica, sans-serif;\"><em>Prof. Sergio G. Pestorich<\/em><\/span><\/p>\n\n\n\n<p><\/p>\n\n\n\n<hr class=\"wp-block-separator has-alpha-channel-opacity\"\/>\n\n\n\n<p class=\"has-text-align-center has-background\" style=\"background-color:#ccdce7\"><span style=\"color: #000000; font-size: 12pt;\"><strong><span style=\"font-family: verdana,geneva;\"><span style=\"font-family: arial, helvetica, sans-serif;\">NIVEL INICIAL<\/span><\/span><\/strong><\/span><\/p>\n\n\n\n<p class=\"has-text-align-center\"><span style=\"color: #000000; font-size: 12pt; font-family: arial, helvetica, sans-serif;\"><strong>Directora: <\/strong><\/span><\/p>\n\n\n\n<p class=\"has-text-align-center\"><span style=\"color: #000000; font-size: 12pt; font-family: arial, helvetica, sans-serif;\"><em>Prof. <em>\u00c9. Alejandra Gonz\u00e1lez<\/em><\/em><\/span><\/p>\n\n\n\n<p class=\"has-text-align-center\"><span style=\"color: #000000; font-size: 12pt; font-family: arial, helvetica, sans-serif;\"><strong>Vicedirectora:&nbsp;<\/strong><\/span><\/p>\n\n\n\n<p class=\"has-text-align-center\"><span style=\"color: #000000; font-size: 12pt; font-family: arial, helvetica, sans-serif;\"><em>Prof. Paula Damonte<\/em><\/span><\/p>\n\n\n\n<p class=\"has-text-align-center\"><span style=\"color: #000000; font-size: 12pt; font-family: arial, helvetica, sans-serif;\"><strong><strong>Maestra Secretaria:<\/strong><em><strong>&nbsp;<\/strong><\/em><\/strong><\/span><\/p>\n\n\n\n<p class=\"has-text-align-center\"><span style=\"color: #000000; font-size: 12pt; font-family: arial, helvetica, sans-serif;\"><em>Prof. Mar\u00eda del Rosario Po Rodr\u00edguez Oz\u00e1n<\/em><\/span><\/p>\n\n\n\n<p><\/p>\n\n\n\n<hr class=\"wp-block-separator has-alpha-channel-opacity\"\/>\n\n\n\n<p class=\"has-text-align-center has-background\" style=\"background-color:#ccdce7\"><span style=\"color: #000000; font-size: 12pt; font-family: arial, helvetica, sans-serif;\"><strong><strong>UNIDAD ADMINISTRATIVA<\/strong><\/strong><\/span><\/p>\n\n\n\n<p class=\"has-text-align-center\"><span style=\"font-size: 12pt; color: #000000;\"><strong><span style=\"font-family: arial, helvetica, sans-serif;\">Secretaria: <\/span><\/strong><\/span><\/p>\n\n\n\n<p class=\"has-text-align-center\"><span style=\"color: #000000; font-size: 12pt; font-family: arial, helvetica, sans-serif;\"><em>Prof. Romina M. Muti<\/em><\/span><\/p>\n\n\n\n<p class=\"has-text-align-center\"><span style=\"color: #000000;\"><strong><span style=\"font-size: 12pt; font-family: arial, helvetica, sans-serif;\">Prosecretaria de Nivel Terciario:<em>&nbsp;<\/em><\/span><\/strong><\/span><\/p>\n\n\n\n<p class=\"has-text-align-center\"><span style=\"color: #000000; font-size: 12pt; font-family: arial, helvetica, sans-serif;\"><em>Prof. Mar\u00eda Bel\u00e9n Cort\u00e9s L\u00f3pez<\/em><\/span><\/p>\n\n\n\n<p class=\"has-text-align-center\"><span style=\"color: #000000; font-size: 12pt; font-family: arial, helvetica, sans-serif;\"><strong>Prosecretaria de Nivel Medio: <\/strong><\/span><\/p>\n\n\n\n<p class=\"has-text-align-center\"><span style=\"color: #000000; font-size: 12pt; font-family: arial, helvetica, sans-serif;\"><em>Prof. Luc\u00eda Tolava<\/em><\/span><\/p>\n\n\n\n<p><\/p>\n\n\n\n<p class=\"has-text-align-center\"><span style=\"color: #000000; font-size: 12pt; font-family: arial, helvetica, sans-serif;\"><strong>&nbsp;<\/strong><\/span><\/p>\n","protected":false},"excerpt":{"rendered":"<p>&nbsp;RECTORADO Rectora: Prof. Karina Marzoa Vicerrector: Prof. Mat\u00edas Gomar NIVEL TERCIARIO Regente: Prof.&nbsp;Andrea Mandurino &nbsp;NIVEL MEDIO Directora: Prof.\u00a0Roxana Bacigaluppo Vicedirectora: Prof.\u00a0Patricia Fili NIVEL PRIMARIO Regente: Prof. Marcela N. Sosa Subregente: Prof. Diana Cervero Maestro Secretario: Prof. Sergio G. Pestorich NIVEL INICIAL Directora: Prof. \u00c9. Alejandra Gonz\u00e1lez Vicedirectora:&nbsp; Prof. Paula Damonte Maestra Secretaria:&nbsp; Prof. Mar\u00eda del &#8230; <a title=\"Autoridades\" class=\"read-more\" href=\"https:\/\/ens8-caba.infd.edu.ar\/sitio\/autoridades\/\" aria-label=\"More on Autoridades\">[+]<\/a><\/p>\n","protected":false},"author":1393,"featured_media":0,"parent":0,"menu_order":0,"comment_status":"closed","ping_status":"closed","template":"","meta":[],"acf":[],"_links":{"self":[{"href":"https:\/\/ens8-caba.infd.edu.ar\/sitio\/wp-json\/wp\/v2\/pages\/1198"}],"collection":[{"href":"https:\/\/ens8-caba.infd.edu.ar\/sitio\/wp-json\/wp\/v2\/pages"}],"about":[{"href":"https:\/\/ens8-caba.infd.edu.ar\/sitio\/wp-json\/wp\/v2\/types\/page"}],"author":[{"embeddable":true,"href":"https:\/\/ens8-caba.infd.edu.ar\/sitio\/wp-json\/wp\/v2\/users\/1393"}],"replies":[{"embeddable":true,"href":"https:\/\/ens8-caba.infd.edu.ar\/sitio\/wp-json\/wp\/v2\/comments?post=1198"}],"version-history":[{"count":27,"href":"https:\/\/ens8-caba.infd.edu.ar\/sitio\/wp-json\/wp\/v2\/pages\/1198\/revisions"}],"predecessor-version":[{"id":2980,"href":"https:\/\/ens8-caba.infd.edu.ar\/sitio\/wp-json\/wp\/v2\/pages\/1198\/revisions\/2980"}],"wp:attachment":[{"href":"https:\/\/ens8-caba.infd.edu.ar\/sitio\/wp-json\/wp\/v2\/media?parent=1198"}],"curies":[{"name":"wp","href":"https:\/\/api.w.org\/{rel}","templated":true}]}}