{"id":1231,"date":"2018-08-29T14:42:24","date_gmt":"2018-08-29T17:42:24","guid":{"rendered":"https:\/\/ens8-caba.infd.edu.ar\/sitio\/proyecto-mejora-institucional-2013\/"},"modified":"2023-05-03T15:49:39","modified_gmt":"2023-05-03T18:49:39","slug":"proyecto-mejora-institucional-2013","status":"publish","type":"page","link":"https:\/\/ens8-caba.infd.edu.ar\/sitio\/proyecto-mejora-institucional-2013\/","title":{"rendered":"Proyecto Mejora Institucional 2013"},"content":{"rendered":"<table style=\"width: 1019px; background-color: #b5fb9c; height: 2743px;\" border=\"0\">\n<tbody>\n<tr>\n<td style=\"background-color: #c9f49e;\" colspan=\"3\">\n<p style=\"text-align: center;\"><span style=\"font-size: 10pt;\"><span style=\"font-size: 12pt;\"><strong>Edici\u00f3n 2013: <\/strong><\/span><strong><br \/>\n<span style=\"font-size: 12pt;\">Experiencias art\u00edstico-expresivas en la formaci\u00f3n docente<\/span><\/strong><\/span><\/p>\n<\/td>\n<\/tr>\n<tr>\n<td style=\"border: 1px solid #9f9c60; background-color: #f6f1ab;\" colspan=\"3\"><span style=\"font-size: 8pt;\"><br \/>\nEsta&nbsp;propuesta dise\u00f1ada por la Regencia, las profesoras coordinadoras de \u00e1reas y los profesores del Nivel Tercario del Normal apunta al fortalecimiento de las trayectorias educativas de los estudiantes, ampliando y enriqueciendo su capital cultural.<br \/>\nSu prop\u00f3sito de desarrollar experiencias formativas que permitan enriquecer el capital cultural de los estudiantes, involucra el dise\u00f1o de dispositivos vinculados con propuestas art\u00edstico-expresivas con la potencialidad de movilizar, enriquecer y articular saberes.<\/span><\/p>\n<p>El objetivo de fortalecer las trayectorias educativas de los estudiantes, se orienta al desarrollo de las capacidades cognitivas y actitudinales mediante caminos alternativos hacia la comprensi\u00f3n, sensibilidad y compromiso al resignificar la elecci\u00f3n de la carrera y acrecentar los v\u00ednculos de pertenencia con la instituci\u00f3n.<br \/>\nLa propuesta consiste en la elaboraci\u00f3n de producciones art\u00edstico-expresivas durante ambos cuatrimestres en el marco de las clases de los profesores de los espacios art\u00edsticos, de comunicaci\u00f3n y tecnolog\u00edas.<\/p>\n<p><span style=\"font-size: 8pt;\">Esas producciones giran en torno a diversas tem\u00e1ticas vinculadas a la formaci\u00f3n docente: ser docente, identidad y g\u00e9nero, diversidad cultural e infancias y&nbsp;educaci\u00f3n y poder. Involucran el uso de equipamiento tecnol\u00f3gico necesario y el aprendizaje de sus usos por parte de los estudiantes.<\/span><\/p>\n<p>Si bien la producci\u00f3n concreta se realiza en algunas instancias curriculares, se espera que las otras instancias que esos estudiantes cursan aporten cuestiones te\u00f3ricas a las tem\u00e1ticas seleccionadas y, a la vez, e<span style=\"font-family: verdana,geneva;\">l trabajo d<\/span>e producci\u00f3n que est\u00e9n realizando sea retomado y d\u00e9 lugar a discusiones o diferentes propuestas en los espacios curriculares que cursan.<\/p>\n<p>As\u00edmismo, durante cada cuatrimestre, los estudiantes participan de distintas salidas a teatros, cines, muestras fotogr\u00e1ficas, museos, entre otros, seleccionadas por los profesores a fin de aportar a las producciones que est\u00e9n realizando y a sus tem\u00e1ticas.<br \/>\nComo cierre de cada cuatrimestre se lleva a cabo una muestra donde se exponden las producciones realizadas por cada grupo.<\/td>\n<\/tr>\n<tr>\n<td style=\"background-color: #ffffff; border: 1px solid #707047;\" colspan=\"3\"><\/td>\n<\/tr>\n<tr>\n<td style=\"background-color: #b9f140;\" colspan=\"2\"><span style=\"font-size: 8pt; font-family: verdana,geneva;\"><strong>PRIMER CUATRIMESTRE<\/strong><\/span><\/p>\n<p><span style=\"font-size: 8pt; font-family: verdana,geneva;\"><strong>Primeras Jornadas<\/strong><\/span><\/p>\n<p><span style=\"font-size: 8pt; font-family: verdana,geneva;\">Workshop: consisti\u00f3 en una semana de jornadas de trabajo a trav\u00e9s de talleres participativos e interactivos.<\/span><\/p>\n<p><span style=\"font-size: 8pt; font-family: verdana,geneva;\"><strong>Muestra de cierre<\/strong><\/span><\/p>\n<p><span style=\"font-size: 8pt; font-family: verdana,geneva;\">Se realizaron dos encuentros -uno por cada turno- donde se expusieron todos los trabajos con la participaci\u00f3n de todo el terciario y abierto a la comunidad.<\/span><\/td>\n<td style=\"background-color: #b9f140;\"><span style=\"font-family: verdana,geneva; font-size: 8pt;\"><strong>SEGUNDO CUATRIMESTRE<\/strong><\/span><\/p>\n<p><span style=\"font-family: verdana,geneva; font-size: 8pt;\"><strong>Segundas jornadas y muestra de cierre<\/strong>.<\/span><\/p>\n<p><span style=\"font-family: verdana,geneva; font-size: 8pt;\">Se realizaron las jornadas de trabajo y las muestras de las producciones ajustando y\/o modificando el formato, a partir de la experiencia del primer cuatrimestre. Las muestras se distribuyeron durante toda la \u00faltima semana de clases. <\/span><\/p>\n<p><span style=\"font-family: verdana,geneva; font-size: 8pt;\">Se rescata el compromiso de los estudiantes y profesores participantes, a la vez que ellos mencionan como valiosos esos encuentros con los otros para comunicar, mostrar, dar a conocer, compartir. <\/span><\/td>\n<\/tr>\n<tr>\n<td style=\"border: 1px solid #889b64;\" colspan=\"3\"><\/td>\n<\/tr>\n<tr>\n<td style=\"background-color: #9acd32; border: 1px solid #889b64;\" colspan=\"3\"><span style=\"font-family: verdana,geneva; font-size: 8pt;\"><strong><span lang=\"ES-AR\"><br \/>\nVisita <\/span><span lang=\"ES-AR\">al<\/span><span lang=\"ES-AR\"> <a href=\"https:\/\/ens8-caba.infd.edu.ar\/bitacora\/index.cgi?wIdPub=9\">Tr\u00edptico<\/a><\/span><a href=\"https:\/\/ens8-caba.infd.edu.ar\/bitacora\/index.cgi?wIdPub=9\"><span lang=\"ES-AR\"> de<\/span><span lang=\"ES-AR\"> la<\/span><span lang=\"ES-AR\"> Infancia<\/span><span lang=\"ES-AR\"> en<\/span><span lang=\"ES-AR\"> Rosario<\/span><\/a><\/strong><span lang=\"ES-AR\">:<\/span><\/span><\/p>\n<p><span lang=\"ES-AR\">Si bien se trata de una actividad m\u00e1s, los buenos resultados y el i<\/span><span lang=\"ES-AR\">mpacto positivo que gener\u00f3 en los que participaron, nos lleva a mencionarla particularmente.<\/span><span lang=\"ES-AR\"><br \/>\n<\/span> <span lang=\"ES-AR\">Al<\/span><span lang=\"ES-AR\"> finalizar<\/span><span lang=\"ES-AR\"> el<\/span><span lang=\"ES-AR\"> primer<\/span><span lang=\"ES-AR\"> cuatrimestre<\/span><span lang=\"ES-AR\"> se<\/span><span lang=\"ES-AR\"> comenz\u00f3<\/span><span lang=\"ES-AR\"> a<\/span><span lang=\"ES-AR\"> planificar<\/span><span lang=\"ES-AR\"> el<\/span><span lang=\"ES-AR\"> viaje<\/span><span lang=\"ES-AR\"> a<\/span><span lang=\"ES-AR\"> Rosario<\/span><span lang=\"ES-AR\"> para <\/span><span lang=\"ES-AR\">visitar <\/span><span lang=\"ES-AR\">esta<\/span><span lang=\"ES-AR\"> propuesta<\/span><span lang=\"ES-AR\"> pol\u00edtico-pedag\u00f3gica<\/span><span lang=\"ES-AR\"> porque<\/span><span lang=\"ES-AR\"> la <\/span><span lang=\"ES-AR\">riqueza<\/span><span lang=\"ES-AR\"> del <\/span><span lang=\"ES-AR\">lugar c<\/span><span lang=\"ES-AR\">ontribu\u00eda<\/span><span lang=\"ES-AR\"> al<\/span><span lang=\"ES-AR\"> logro<\/span><span lang=\"ES-AR\"> de<\/span><span lang=\"ES-AR\"> los <\/span><span lang=\"ES-AR\">prop\u00f3sitos <\/span><span lang=\"ES-AR\">espec\u00edficos<\/span><span lang=\"ES-AR\"> del<\/span><span lang=\"ES-AR\"> PMI,<\/span><span lang=\"ES-AR\"> en<\/span><span lang=\"ES-AR\"> tanto <\/span><span lang=\"ES-AR\">parte<\/span><span lang=\"ES-AR\"> de<\/span><span lang=\"ES-AR\"> una<\/span><span lang=\"ES-AR\"> concepci\u00f3n <\/span><span lang=\"ES-AR\">diferente <\/span><span lang=\"ES-AR\">de <\/span><span lang=\"ES-AR\">infancia, <\/span><span lang=\"ES-AR\">de<\/span><span lang=\"ES-AR\"> arte,<\/span><span lang=\"ES-AR\"> de<\/span><span lang=\"ES-AR\"> propuesta<\/span><span lang=\"ES-AR\"> en <\/span><span lang=\"ES-AR\">el<\/span><span lang=\"ES-AR\"> espacio<\/span><span lang=\"ES-AR\"> p\u00fablico<\/span><span lang=\"ES-AR\"> para<\/span><span lang=\"ES-AR\"> los <\/span><span lang=\"ES-AR\">ni\u00f1os; <\/span><span lang=\"ES-AR\">y<\/span><span lang=\"ES-AR\"> porque<\/span><span lang=\"ES-AR\"> este<\/span><span lang=\"ES-AR\"> viaje<\/span><span lang=\"ES-AR\"> respond\u00eda <\/span><span lang=\"ES-AR\">a<\/span><span lang=\"ES-AR\"> la<\/span><span lang=\"ES-AR\"> intenci\u00f3n<\/span><span lang=\"ES-AR\"> de <\/span><span lang=\"ES-AR\">fortalecer<\/span><span lang=\"ES-AR\"> las<\/span><span lang=\"ES-AR\"> trayectorias<\/span><span lang=\"ES-AR\"> educativas<\/span><span lang=\"ES-AR\"> de <\/span><span lang=\"ES-AR\">nuestros<\/span><span lang=\"ES-AR\"> futuros<\/span><span lang=\"ES-AR\"> docentes.<\/span><span lang=\"ES-AR\"><span lang=\"ES-AR\"> Tambi\u00e9n <\/span><span lang=\"ES-AR\">se<\/span><span lang=\"ES-AR\"> visit\u00f3<\/span><\/span><span lang=\"ES-AR\"><span lang=\"ES-AR\"><span lang=\"ES-AR\"><span lang=\"ES-AR\"> el<\/span><span lang=\"ES-AR\"> Monumento <\/span><span lang=\"ES-AR\">a<\/span><span lang=\"ES-AR\"> la<\/span><span lang=\"ES-AR\"> Bandera y <\/span><\/span>el<\/span><strong><span lang=\"ES-AR\"> <a href=\"https:\/\/ens8-caba.infd.edu.ar\/bitacora\/index.cgi?wIdPub=12\">Museo<\/a><\/span><a href=\"https:\/\/ens8-caba.infd.edu.ar\/bitacora\/index.cgi?wIdPub=12\"><span lang=\"ES-AR\"> de<\/span><span lang=\"ES-AR\"> la<\/span><span lang=\"ES-AR\"> Memoria<\/span><\/a><\/strong><\/span><span lang=\"ES-AR\"> por<\/span><span lang=\"ES-AR\"> su <\/span><span lang=\"ES-AR\">contribuci\u00f3n <\/span><span lang=\"ES-AR\">a <\/span><span lang=\"ES-AR\">la<\/span><span lang=\"ES-AR\"> preservaci\u00f3n <\/span><span lang=\"ES-AR\">de <\/span><span lang=\"ES-AR\">la<\/span><span lang=\"ES-AR\"> memoria <\/span><span lang=\"ES-AR\">y,<\/span><span lang=\"ES-AR\"> por<\/span><span lang=\"ES-AR\"> lo<\/span><span lang=\"ES-AR\"> tanto,<\/span><span lang=\"ES-AR\"> a<\/span><span lang=\"ES-AR\"> la<\/span><span lang=\"ES-AR\"> construcci\u00f3n<\/span><span lang=\"ES-AR\"> de<\/span><span lang=\"ES-AR\"> la<\/span><span lang=\"ES-AR\"> identidad.<\/span><span lang=\"ES-AR\"> Pero<\/span><span lang=\"ES-AR\"> adem\u00e1s,<\/span><span lang=\"ES-AR\"> por<\/span><span lang=\"ES-AR\"> su<\/span><span lang=\"ES-AR\"> propuesta<\/span><span lang=\"ES-AR\"> que <\/span><span lang=\"ES-AR\">vincula<\/span><span lang=\"ES-AR\"> arte<\/span><span lang=\"ES-AR\"> y<\/span><span lang=\"ES-AR\"> memoria.<br \/>\n<\/span><\/p>\n<h3 style=\"margin-top: 0px; margin-bottom: 0px; padding-bottom: 0px;\"><span style=\"font-size: 8pt;\"><a href=\"https:\/\/ens8-caba.infd.edu.ar\/bitacora\/index.cgi?wIdPub=11\">Ver m\u00e1s<\/a><\/span><\/h3>\n<\/td>\n<\/tr>\n<tr>\n<td style=\"background-color: #ffffff;\" colspan=\"3\"><\/td>\n<\/tr>\n<tr>\n<td style=\"background-color: #ccff66;\" colspan=\"3\"><\/td>\n<\/tr>\n<tr>\n<td style=\"background-color: #ccff66;\" colspan=\"3\"><\/td>\n<\/tr>\n<tr>\n<td style=\"background-color: #ffff99; border: 1px solid #2d3526;\" colspan=\"3\"><strong> V<span style=\"font-family: verdana,geneva;\">isita virtual<\/span><\/strong><\/p>\n<p><span style=\"font-family: verdana,geneva; font-size: 8pt;\"><em>Los invitamos a recorrer algunas de la producciones presentadas en las muestras<\/em>:<br \/>\n<\/span><\/p>\n<p><span style=\"font-family: verdana,geneva; font-size: 8pt;\">Blog:<a href=\"http:\/\/www.arteenladinamicasocial.blogspot.com.ar\/\" target=\"_self\" rel=\"noopener\"><strong> El arte en la din\u00e1mica social<\/strong><\/a>. Coordinaci\u00f3n Prof. Cincioni<\/span><\/p>\n<p><span style=\"font-family: verdana,geneva; font-size: 8pt;\">Blog: <strong><a title=\"blog apunetes para ense\u00f1ar a pensar\" href=\"http:\/\/www.apuntandoladocencia.blogspot.com.ar\/\">Apuntes para quien pretende ense\u00f1ar<\/a><\/strong>. Prof. Garberoglio<br \/>\n<\/span><\/p>\n<p><span style=\"font-family: verdana,geneva; font-size: 8pt;\">Presentaci\u00f3n: <strong><a title=\"Ser docente\" href=\"upload\/ser_docente.pps\" target=\"_blank\" rel=\"noopener\">Ser Docente<\/a><\/strong>. Coordinaci\u00f3n Prof Szriber Setton<\/span><\/p>\n<p><span style=\"font-family: verdana,geneva; font-size: 8pt;\">Presentaci\u00f3n: <a title=\"Nuevos escenarios\" href=\"upload\/Nuevos_escenarios_presentacion_final.pps\" target=\"_blank\" rel=\"noopener\"><strong>Nuevos escenario<\/strong>s<\/a>. Coordinaci\u00f3n Prof. Seijo<\/span><\/p>\n<p><span style=\"font-family: verdana,geneva; font-size: 8pt;\">Video: <a title=\"Terapia de mujeres\" href=\"upload\/Terapia_de_mujeres.mp4.part\" target=\"_blank\" rel=\"noopener\"><strong>Terapia de mujeres<\/strong><\/a>. Coordinaci\u00f3n Prof. El\u00edsa Dos Santos <\/span><\/p>\n<p><span style=\"font-family: verdana,geneva; font-size: 8pt;\">Audio:<span style=\"color: #000000;\"><strong> <a title=\"Identidad de g\u00e9nero\" href=\"upload\/Andrea_Giribaldi_EDI_de_Medios_TT_1_2013_1.mp3\" target=\"_blank\" rel=\"noopener\">Identidad de g\u00e9nero<\/a><\/strong><\/span>. Audio. Coordinaci\u00f3n Prof. Pantalani<\/span><\/p>\n<p><span style=\"font-family: verdana,geneva; font-size: 8pt;\">Audio<strong><a title=\"Diversidad cultural- Infancias\" href=\"upload\/Florencia_y_Maira_EDI_de_Medios_1_2013.mp3\" target=\"_blank\" rel=\"noopener\">: Diversidad cultural<\/a>.<\/strong> Coodinaci\u00f3n Prof. Pantalani<\/span><\/p>\n<p><span style=\"font-family: verdana,geneva; font-size: 8pt;\">Presentaci\u00f3n: <strong><a title=\"Infancias - Consumidores y Ciudadanos\" href=\"upload\/Valeria_EDI_de_Medios_1_2013.pptx\" target=\"_blank\" rel=\"noopener\">Infancias. Consumidores y ciudadanos<\/a><\/strong>. Prof. Pantalani<\/span><\/p>\n<p><span style=\"font-family: verdana,geneva;\">&nbsp;<\/span><\/td>\n<\/tr>\n<tr>\n<td colspan=\"3\"><\/td>\n<\/tr>\n<\/tbody>\n<\/table>\n","protected":false},"excerpt":{"rendered":"<p>Edici\u00f3n 2013: Experiencias art\u00edstico-expresivas en la formaci\u00f3n docente Esta&nbsp;propuesta dise\u00f1ada por la Regencia, las profesoras coordinadoras de \u00e1reas y los profesores del Nivel Tercario del Normal apunta al fortalecimiento de las trayectorias educativas de los estudiantes, ampliando y enriqueciendo su capital cultural. Su prop\u00f3sito de desarrollar experiencias formativas que permitan enriquecer el capital cultural de &#8230; <a title=\"Proyecto Mejora Institucional 2013\" class=\"read-more\" href=\"https:\/\/ens8-caba.infd.edu.ar\/sitio\/proyecto-mejora-institucional-2013\/\" aria-label=\"More on Proyecto Mejora Institucional 2013\">[+]<\/a><\/p>\n","protected":false},"author":1393,"featured_media":0,"parent":0,"menu_order":0,"comment_status":"closed","ping_status":"closed","template":"","meta":[],"acf":[],"_links":{"self":[{"href":"https:\/\/ens8-caba.infd.edu.ar\/sitio\/wp-json\/wp\/v2\/pages\/1231"}],"collection":[{"href":"https:\/\/ens8-caba.infd.edu.ar\/sitio\/wp-json\/wp\/v2\/pages"}],"about":[{"href":"https:\/\/ens8-caba.infd.edu.ar\/sitio\/wp-json\/wp\/v2\/types\/page"}],"author":[{"embeddable":true,"href":"https:\/\/ens8-caba.infd.edu.ar\/sitio\/wp-json\/wp\/v2\/users\/1393"}],"replies":[{"embeddable":true,"href":"https:\/\/ens8-caba.infd.edu.ar\/sitio\/wp-json\/wp\/v2\/comments?post=1231"}],"version-history":[{"count":2,"href":"https:\/\/ens8-caba.infd.edu.ar\/sitio\/wp-json\/wp\/v2\/pages\/1231\/revisions"}],"predecessor-version":[{"id":2210,"href":"https:\/\/ens8-caba.infd.edu.ar\/sitio\/wp-json\/wp\/v2\/pages\/1231\/revisions\/2210"}],"wp:attachment":[{"href":"https:\/\/ens8-caba.infd.edu.ar\/sitio\/wp-json\/wp\/v2\/media?parent=1231"}],"curies":[{"name":"wp","href":"https:\/\/api.w.org\/{rel}","templated":true}]}}