{"id":1256,"date":"2018-08-29T14:42:35","date_gmt":"2018-08-29T17:42:35","guid":{"rendered":"https:\/\/ens8-caba.infd.edu.ar\/sitio\/condicion-de-alumno-libre\/"},"modified":"2018-12-07T16:58:05","modified_gmt":"2018-12-07T19:58:05","slug":"condicion-de-alumno-libre","status":"publish","type":"page","link":"https:\/\/ens8-caba.infd.edu.ar\/sitio\/condicion-de-alumno-libre\/","title":{"rendered":"Condici\u00f3n de alumno libre"},"content":{"rendered":"<p><span style=\"font-family: verdana, geneva; font-size: 10pt;\">Seg\u00fan los dise\u00f1os curriculares de las carreras de Profesorado de Primaria\u00a0(RM N\u00ba 6635\/2009)<strong>\u00a0<\/strong>y Profesorado de Educaci\u00f3n Inicial (RM N\u00ba 6626\/2009), se propone la condici\u00f3n de alumno libre para aquellas unidades curriculares con formato de asignatura del campo de la formaci\u00f3n general:<\/span><\/p>\n<p><span style=\"font-family: verdana, geneva; font-size: 10pt;\">o Filosof\u00eda y Educaci\u00f3n<\/span><br \/>\n<span style=\"font-family: verdana, geneva; font-size: 10pt;\">o Historia Social y Pol\u00edtica de la Educaci\u00f3n Argentina<\/span><br \/>\n<span style=\"font-family: verdana, geneva; font-size: 10pt;\">o Nuevos escenarios: cultura, tecnolog\u00eda y subjetividad<\/span><br \/>\n<span style=\"font-family: verdana, geneva; font-size: 10pt;\">o Psicolog\u00eda Educacional<\/span><br \/>\n<span style=\"font-family: verdana, geneva; font-size: 10pt;\">o Pedagog\u00eda<\/span><\/p>\n<p><span style=\"font-family: verdana, geneva;\">\u00a0<\/span><\/p>\n<p><span style=\"font-family: verdana, geneva; font-size: 10pt;\"><strong>Condiciones para rendir examen y requisitos de aprobaci\u00f3n:<br \/>\n<\/strong><\/span><br \/>\n<span style=\"font-family: verdana, geneva;\"><span style=\"font-size: 10pt;\">-Contempla un examen escrito y un examen oral y deber\u00e1 ser aprobado con cuatro.<br \/>\n<\/span><span style=\"font-size: 10pt;\">-El examen ser\u00e1 evaluado seg\u00fan el programa de la C\u00e1tedra del docente que lo toma.<\/span><\/span><\/p>\n<p><span style=\"font-family: verdana, geneva; font-size: 10pt;\"><strong>Inscripci\u00f3n<\/strong>:<\/span><\/p>\n<p><span style=\"font-family: verdana, geneva; font-size: 10pt;\">-Fecha y horario: consultar en <span style=\"color: #0000ff;\"><strong><a href=\"index.cgi?wid_seccion=19&amp;wid_item=24\"><span style=\"color: #0000ff;\">calendario acad\u00e9mico<\/span><\/a><\/strong><\/span><\/span><br \/>\n<span style=\"font-family: verdana, geneva; font-size: 10pt;\">-Lugar: en Secretar\u00eda de Nivel Terciario, edificio central, La Rioja 1042 (CABA).<\/span><\/p>\n<p><a href=\"https:\/\/drive.google.com\/file\/d\/1kQhyhzGFwtOuyDNGTMK2gTbscuLeJlkW\/view?usp=sharing\">Formulario de Inscripci\u00f3n<\/a><\/p>\n","protected":false},"excerpt":{"rendered":"<p>Seg\u00fan los dise\u00f1os curriculares de las carreras de Profesorado de Primaria\u00a0(RM N\u00ba 6635\/2009)\u00a0y Profesorado de Educaci\u00f3n Inicial (RM N\u00ba 6626\/2009), se propone la condici\u00f3n de alumno libre para aquellas unidades curriculares con formato de asignatura del campo de la formaci\u00f3n general: o Filosof\u00eda y Educaci\u00f3n o Historia Social y Pol\u00edtica de la Educaci\u00f3n Argentina o &#8230; <a title=\"Condici\u00f3n de alumno libre\" class=\"read-more\" href=\"https:\/\/ens8-caba.infd.edu.ar\/sitio\/condicion-de-alumno-libre\/\" aria-label=\"More on Condici\u00f3n de alumno libre\">[+]<\/a><\/p>\n","protected":false},"author":1393,"featured_media":0,"parent":0,"menu_order":0,"comment_status":"closed","ping_status":"closed","template":"","meta":[],"acf":[],"_links":{"self":[{"href":"https:\/\/ens8-caba.infd.edu.ar\/sitio\/wp-json\/wp\/v2\/pages\/1256"}],"collection":[{"href":"https:\/\/ens8-caba.infd.edu.ar\/sitio\/wp-json\/wp\/v2\/pages"}],"about":[{"href":"https:\/\/ens8-caba.infd.edu.ar\/sitio\/wp-json\/wp\/v2\/types\/page"}],"author":[{"embeddable":true,"href":"https:\/\/ens8-caba.infd.edu.ar\/sitio\/wp-json\/wp\/v2\/users\/1393"}],"replies":[{"embeddable":true,"href":"https:\/\/ens8-caba.infd.edu.ar\/sitio\/wp-json\/wp\/v2\/comments?post=1256"}],"version-history":[{"count":1,"href":"https:\/\/ens8-caba.infd.edu.ar\/sitio\/wp-json\/wp\/v2\/pages\/1256\/revisions"}],"predecessor-version":[{"id":1407,"href":"https:\/\/ens8-caba.infd.edu.ar\/sitio\/wp-json\/wp\/v2\/pages\/1256\/revisions\/1407"}],"wp:attachment":[{"href":"https:\/\/ens8-caba.infd.edu.ar\/sitio\/wp-json\/wp\/v2\/media?parent=1256"}],"curies":[{"name":"wp","href":"https:\/\/api.w.org\/{rel}","templated":true}]}}