{"id":1264,"date":"2018-08-29T14:42:38","date_gmt":"2018-08-29T17:42:38","guid":{"rendered":"https:\/\/ens8-caba.infd.edu.ar\/sitio\/biblioteca-4\/"},"modified":"2021-11-11T15:53:40","modified_gmt":"2021-11-11T18:53:40","slug":"biblioteca-4","status":"publish","type":"page","link":"https:\/\/ens8-caba.infd.edu.ar\/sitio\/biblioteca-4\/","title":{"rendered":"Biblioteca"},"content":{"rendered":"<h6><span style=\"font-family: verdana, geneva; font-size: 8pt;\"><strong>Biblioteca ENS N\u00b0 8 de Nivel Terciario \u201cMar\u00eda de la Paz\u201d<\/strong><\/span><\/h6>\n<h6><span style=\"font-family: verdana, geneva; font-size: 8pt;\">\u00a0<\/span><\/h6>\n<p><span style=\"font-family: verdana, geneva; font-size: 8pt;\">La Biblioteca ENS N\u00b0 8 de Nivel Terciario \u201cMar\u00eda de la Paz\u201d comparte su espacio f\u00edsico con la Biblioteca de Nivel Medio.<\/span><\/p>\n<p><span style=\"font-family: verdana, geneva; font-size: 8pt;\">Cuenta con material de referencia general, documentos curriculares y recursos especializados en educaci\u00f3n primaria y educaci\u00f3n inicial, en distintos soportes..<\/span><\/p>\n<p><span style=\"font-family: verdana, geneva; font-size: 8pt;\">Posee dos computadoras con conexi\u00f3n a internet a disposici\u00f3n de los usuarios.<\/span><\/p>\n<p><span style=\"font-family: verdana, geneva; font-size: 8pt;\">Para acceder al pr\u00e9stamo de los libros se debe concurrir con libreta de estudios y DNI \u00a0para acreditar la condici\u00f3n de alumno regular del establecimiento, por primera vez y enviar los datos que figuran en el carnet por correo electr\u00f3nico a <span style=\"color: #0000ff;\"><a href=\"mailto:biblioens8@gmail.com\"><span style=\"color: #0000ff;\">biblioens8@gmail.com<\/span><\/a>\u00a0<\/span> en archivo adjunto solicitando asociarse a la biblioteca.<\/span><\/p>\n<p><span style=\"font-size: 8pt; color: #0000ff;\"><span style=\"font-family: verdana, geneva;\"><a title=\"Carnet Biblioteca\" href=\"upload\/CARNET_DE_SOCIO_DE_LA_BIBLIOTECA.docx\" target=\"_blank\" rel=\"noopener\"><span style=\"color: #0000ff;\">Descargar Carnet<\/span><\/a><\/span><\/span><\/p>\n<p><span style=\"font-family: verdana, geneva; font-size: 8pt;\">Horario: de lunes a viernes de 17:15 a 21:30 hs.<\/span><\/p>\n<p><span style=\"font-family: verdana, geneva; font-size: 8pt;\">Los pr\u00e9stamos y devoluciones de los materiales se realizan hasta las 21:15 hs.<\/span><\/p>\n<p><span style=\"font-size: 8pt;\"><span style=\"font-family: verdana, geneva;\">\u00a0<\/span><span style=\"font-family: verdana, geneva;\">Contacto :<\/span><\/span><\/p>\n<p><span style=\"font-size: 8pt;\"><span style=\"font-family: verdana, geneva;\">Gladys Marcora \/ Roxana Knorr<br \/><\/span><span style=\"font-family: verdana, geneva; color: #0000ff;\"><a href=\"mailto:biblioens8@gmail.com\"><span style=\"color: #0000ff;\">biblioens8@gmail.com<\/span><\/a><\/span><\/span><\/p>\n<p><span style=\"font-family: verdana, geneva; font-size: 8pt;\">\u00a0<\/span><\/p>\n<p><span style=\"font-size: 8pt; font-family: verdana, geneva;\"><strong>Algunos recursos de informaci\u00f3n<\/strong><\/span><\/p>\n<ul>\n<li><span style=\"font-size: 8pt; font-family: verdana, geneva;\"><strong>Documentos curriculares:<\/strong><\/span><\/li>\n<\/ul>\n<p><span style=\"font-size: 8pt; font-family: verdana, geneva;\">Dise\u00f1os curriculares, aportes y otros documentos<\/span><\/p>\n<p><span style=\"font-size: 8pt; font-family: verdana, geneva; color: #0000ff;\"><a href=\"http:\/\/www.buenosaires.gob.ar\/areas\/educacion\/curricula\/inicial.php\"><span style=\"color: #0000ff;\">http:\/\/www.buenosaires.gob.ar\/areas\/educacion\/curricula\/inicial.php<\/span><\/a><\/span><\/p>\n<p><span style=\"font-size: 8pt; font-family: verdana, geneva;\">\u00c1reas Curriculares &#8211; N\u00facleos de Aprendizajes Prioritarios<\/span><\/p>\n<p><span style=\"font-size: 8pt; font-family: verdana, geneva; color: #0000ff;\"><a href=\"http:\/\/www.me.gov.ar\/curriform\/nap.html\"><span style=\"color: #0000ff;\">http:\/\/www.me.gov.ar\/curriform\/nap.html<\/span><\/a><\/span><\/p>\n<p><span style=\"font-size: 8pt; font-family: verdana, geneva;\">N\u00facleos de Aprendizaje Prioritarios para Nivel Primario<\/span><\/p>\n<p><span style=\"color: #0000ff; font-size: 8pt;\"><span style=\"font-family: verdana, geneva;\"><a href=\"http:\/\/portal.educacion.gov.ar\/primaria\/contenidos-curriculares-comunes-nap\/\"><span style=\"color: #0000ff;\">http:\/\/portal.educacion.gov.ar\/primaria\/contenidos-curriculares-comunes-nap\/<\/span><\/a><\/span><span style=\"font-family: verdana, geneva;\">\u00a0<\/span><\/span><\/p>\n<p><span style=\"font-size: 8pt; font-family: verdana, geneva;\">Educaci\u00f3n inicial<\/span><\/p>\n<p><span style=\"font-size: 8pt; font-family: verdana, geneva; color: #0000ff;\"><a href=\"http:\/\/portal.educacion.gov.ar\/inicial\/contenidos-curriculares-comunes\/\"><span style=\"color: #0000ff;\">http:\/\/portal.educacion.gov.ar\/inicial\/contenidos-curriculares-comunes\/<\/span><\/a><\/span><\/p>\n<p><span style=\"font-size: 8pt; font-family: verdana, geneva;\">NAP inicial<\/span><\/p>\n<p><span style=\"font-size: 8pt; font-family: verdana, geneva; color: #0000ff;\"><a href=\"http:\/\/portal.educacion.gov.ar\/inicial\/files\/2009\/12\/nap_nivel_inicial.pdf\"><span style=\"color: #0000ff;\">http:\/\/portal.educacion.gov.ar\/inicial\/files\/2009\/12\/nap_nivel_inicial.pdf<\/span><\/a><\/span><\/p>\n<p>Direcci\u00f3n General de Planeamiento Educativo<br \/>Direcci\u00f3n de Curr\u00edcula y Ense\u00f1anza<br \/>Plan Plurianual para el Mejoramiento de la Ense\u00f1anza<br \/>2004-2007<br \/><a href=\"https:\/\/www.buenosaires.gob.ar\/areas\/educacion\/curricula\/plan_pluri.php\">https:\/\/www.buenosaires.gob.ar\/areas\/educacion\/curricula\/plan_pluri.php<\/a><\/p>\n<ul>\n<li><span style=\"font-size: 8pt; font-family: verdana, geneva;\"><strong>Legislaci\u00f3n Educativa<\/strong><\/span><\/li>\n<\/ul>\n<p><span style=\"font-size: 8pt; font-family: verdana, geneva;\"><span style=\"color: #0000ff;\"><a href=\"http:\/\/www.bnm.me.gov.ar\/cgi-bin\/wxis.exe\/opac\/?IsisScript=opac\/opac.xis&amp;dbn=NORMAS&amp;ver_form=1&amp;sala=\"><span style=\"color: #0000ff;\">Legislaci\u00f3n Educativa<\/span><\/a><\/span> \u2013 Biblioteca Nacional de Maestros\u00a0<\/span><\/p>\n<p><span style=\"font-size: 8pt; font-family: verdana, geneva;\"><span style=\"color: #0000ff;\"><a title=\"Estatuto del Docente\" href=\"http:\/\/www.buenosaires.gob.ar\/areas\/educacion\/infoadmin\/estatuto.pdf\"><span style=\"color: #0000ff;\">Estatuto del docente<\/span><\/a>\u00a0<\/span>&#8211;\u00a0GCBA<\/span><\/p>\n<ul>\n<li><span style=\"font-size: 8pt; font-family: verdana, geneva;\"><strong>Bibliotecas nacionales<\/strong><\/span><\/li>\n<\/ul>\n<h3><span style=\"font-size: 8pt; font-family: verdana, geneva;\"><a href=\"https:\/\/www.google.com.ar\/url?sa=t&amp;rct=j&amp;q=&amp;esrc=s&amp;source=web&amp;cd=1&amp;cad=rja&amp;uact=8&amp;ved=0ahUKEwiFppzcvqfJAhXHNpAKHZSPAW0QFggcMAA&amp;url=http%3A%2F%2Fwww.bn.gov.ar%2F&amp;usg=AFQjCNF3NLYPiNL5gSUuu3rRBbJpKYiNcw&amp;sig2=yb3ImqmHn1HLDwiHGTON2A&amp;bvm=bv.108194040,d.Y2I\">Biblioteca Nacional<\/a><\/span><\/h3>\n<p><span style=\"font-size: 8pt; font-family: verdana, geneva; color: #0000ff;\"><cite><a href=\"http:\/\/www.bn.gov.ar\/\"><span style=\"color: #0000ff;\">www.bn.gov.ar\/<\/span><\/a><\/cite><\/span><\/p>\n<h3><span style=\"font-size: 8pt; font-family: verdana, geneva;\"><a href=\"https:\/\/www.google.com.ar\/url?sa=t&amp;rct=j&amp;q=&amp;esrc=s&amp;source=web&amp;cd=1&amp;cad=rja&amp;uact=8&amp;ved=0ahUKEwjmksLpwKfJAhWLKpAKHYonD7wQFggcMAA&amp;url=http%3A%2F%2Fwww.bcnbib.gov.ar%2F&amp;usg=AFQjCNGLK8zTznK1XsuguyOvYhoJOifCXQ&amp;sig2=2c69eLgfwF5m1QlA4jS88A\">Biblioteca del Congreso de la Naci\u00f3n<\/a><\/span><\/h3>\n<p><span style=\"font-size: 8pt; font-family: verdana, geneva; color: #0000ff;\"><cite><a href=\"http:\/\/www.bcnbib.gov.ar\/\"><span style=\"color: #0000ff;\">www.bcnbib.gov.ar\/<\/span><\/a><\/cite><\/span><\/p>\n<h3><span style=\"font-size: 8pt; font-family: verdana, geneva;\"><a href=\"https:\/\/www.google.com.ar\/url?sa=t&amp;rct=j&amp;q=&amp;esrc=s&amp;source=web&amp;cd=1&amp;cad=rja&amp;uact=8&amp;ved=0ahUKEwjS8MGBvqfJAhWKPZAKHW5DC14QFggdMAA&amp;url=http%3A%2F%2Fwww.bnm.me.gov.ar%2F&amp;usg=AFQjCNFxYyHSrxTZctN3lwkcbsRBo-tGAQ&amp;sig2=cjkcuU4wJ29Nnp5wHZEp5w\">Biblioteca Nacional de Maestros<\/a><\/span><\/h3>\n<pre>Desde el a\u00f1o 2020 cuenta m\u00e1s de 40.000 recursos digitales organizados por colecciones especiales para docentes, ni\u00f1as, ni\u00f1os, j\u00f3venes, familias, especialistas en educaci\u00f3n, bibliotecarias y bibliotecarios.<\/pre>\n<p><span style=\"font-size: 8pt; font-family: verdana, geneva; color: #0000ff;\"><cite><a href=\"http:\/\/www.bnm.me.gov.ar\/\"><span style=\"color: #0000ff;\">www.bnm.me.gov.ar\/<\/span><\/a><\/cite><\/span><\/p>\n<h3><span style=\"font-size: 8pt; font-family: verdana, geneva;\"><a href=\"https:\/\/www.google.com.ar\/url?sa=t&amp;rct=j&amp;q=&amp;esrc=s&amp;source=web&amp;cd=1&amp;cad=rja&amp;uact=8&amp;ved=0ahUKEwiKoO_6wKfJAhXKmJAKHS1CC4UQFggcMAA&amp;url=http%3A%2F%2Fwww.mininterior.gov.ar%2Fagn%2Fagn.php&amp;usg=AFQjCNGQgvDtnnVD0Dwf-xrDy3c957Xjfg&amp;sig2=KqTYNjo-kNS28DpAMotKFw\">Archivo General de la Naci\u00f3n &#8211; Ministerio del Interior y &#8230;<\/a><\/span><\/h3>\n<p><span style=\"font-size: 8pt; font-family: verdana, geneva; color: #0000ff;\"><cite><a href=\"http:\/\/www.mininterior.gov.ar\/agn\/agn.php\"><span style=\"color: #0000ff;\">www.mininterior.gov.ar\/agn\/agn.php<\/span><\/a><\/cite><\/span><\/p>\n<h3><span style=\"font-size: 8pt; font-family: verdana, geneva;\"><a href=\"http:\/\/www.biblioteca.org.ar\/docentes.htm\">Biblioteca Docente<\/a><\/span><\/h3>\n<p><span style=\"font-size: 8pt; font-family: verdana, geneva; color: #0000ff;\"><strong><a href=\"http:\/\/www.biblioteca.org.ar\/docentes.htm\"><span style=\"color: #0000ff;\">http:\/\/www.biblioteca.org.ar\/docentes.htm<\/span><\/a><\/strong><\/span><\/p>\n<p><span style=\"text-decoration: underline; font-size: 8pt; font-family: verdana, geneva;\">Biblioteca del Docente<\/span><\/p>\n<p><span style=\"font-size: 8pt; font-family: verdana, geneva; color: #0000ff;\"><strong><a href=\"http:\/\/www.buenosaires.gob.ar\/educacion\/docentes\/biblioteca-del-docente\"><span style=\"color: #0000ff;\">http:\/\/www.buenosaires.gob.ar\/educacion\/docentes\/biblioteca-del-docente<\/span><\/a><\/strong><\/span><\/p>\n<p><span style=\"font-size: 8pt; font-family: verdana, geneva;\">\u00a0<\/span><\/p>\n<ul>\n<li><span style=\"font-size: 8pt; font-family: verdana, geneva;\"><strong>Bibliotecas virtuales y repositorios<\/strong><\/span><\/li>\n<\/ul>\n<p><span style=\"font-size: 8pt; font-family: verdana, geneva;\">Cervantes virtual: literatura espa\u00f1ola e hispanoamericana<\/span><\/p>\n<p><span style=\"font-size: 8pt; font-family: verdana, geneva; color: #0000ff;\"><a href=\"http:\/\/www.cervantesvirtual.com\/\"><span style=\"color: #0000ff;\">http:\/\/www.cervantesvirtual.com\/<\/span><\/a><\/span><\/p>\n<p><span style=\"font-size: 8pt; font-family: verdana, geneva; color: #000000;\"><a title=\"\u00c1reas de la Biblioteca Virtual Miguel de Cervantes\" href=\"http:\/\/www.cervantesvirtual.com\/areas\/\"><span style=\"color: #000000;\"><br \/><\/span><\/a>ALGUNAS \u00c1REAS<\/span><\/p>\n<ul>\n<li><span style=\"font-size: 8pt; font-family: verdana, geneva; color: #0000ff;\"><a href=\"http:\/\/www.cervantesvirtual.com\/areas\/biblioteca-espanola\/\"><span style=\"color: #0000ff;\">Biblioteca espa\u00f1ola<\/span><\/a><\/span><\/li>\n<li><span style=\"font-size: 8pt; font-family: verdana, geneva; color: #0000ff;\"><a href=\"http:\/\/www.cervantesvirtual.com\/areas\/biblioteca-americana-0\/\"><span style=\"color: #0000ff;\">Biblioteca americana<\/span><\/a><\/span><\/li>\n<li><span style=\"font-size: 8pt; font-family: verdana, geneva; color: #0000ff;\"><a href=\"http:\/\/www.cervantesvirtual.com\/areas\/biblioteca-de-signos-0\/\"><span style=\"color: #0000ff;\">Biblioteca de Signos<\/span><\/a><\/span><\/li>\n<li><span style=\"font-size: 8pt; font-family: verdana, geneva; color: #0000ff;\"><a href=\"http:\/\/www.cervantesvirtual.com\/areas\/literatura-infantil-y-juvenil-0\/\"><span style=\"color: #0000ff;\">Biblioteca de Literatura infantil y juvenil<\/span><\/a><\/span><\/li>\n<\/ul>\n<p><span style=\"font-size: 8pt; font-family: verdana, geneva;\"><strong>\u00a0<\/strong><\/span><\/p>\n<p><span style=\"font-size: 8pt; font-family: verdana, geneva;\">Biblioteca digital mundial<\/span><\/p>\n<p><span style=\"font-size: 8pt; font-family: verdana, geneva; color: #0000ff;\"><a href=\"http:\/\/www.wdl.org\/es\/\"><span style=\"color: #0000ff;\">http:\/\/www.wdl.org\/es\/<\/span><\/a><\/span><\/p>\n<p><span style=\"font-size: 8pt; font-family: verdana, geneva;\">Biblioteca de la UNESCO<\/span><\/p>\n<p><span style=\"font-size: 8pt; font-family: verdana, geneva; color: #0000ff;\"><a href=\"http:\/\/www.unesco.org\/library\/Es\/\"><span style=\"color: #0000ff;\">http:\/\/www.unesco.org\/library\/Es\/<\/span><\/a><\/span><\/p>\n<p><span style=\"font-size: 8pt; font-family: verdana, geneva;\">El Libro Total &#8211; La Biblioteca digital de Am\u00e9rica<\/span><\/p>\n<p><span style=\"font-size: 8pt; font-family: verdana, geneva; color: #0000ff;\"><a href=\"http:\/\/www.ellibrototal.com\/\"><span style=\"color: #0000ff;\">www.ellibrototal.com\/<\/span><\/a><\/span><\/p>\n<p><span style=\"font-size: 8pt; font-family: verdana, geneva;\">Ciberoteca<\/span><\/p>\n<p><span style=\"font-size: 8pt; font-family: verdana, geneva; color: #0000ff;\"><a href=\"http:\/\/www.ciberoteca.com\/homecas.asp\"><span style=\"color: #0000ff;\">http:\/\/www.ciberoteca.com\/homecas.asp<\/span><\/a><\/span><\/p>\n<p><span style=\"font-size: 8pt; font-family: verdana, geneva;\">Ciberoteca escolar<\/span><\/p>\n<p><span style=\"font-size: 8pt; font-family: verdana, geneva; color: #0000ff;\"><a href=\"http:\/\/www.ciberoteca.com\/escolar\/\"><span style=\"color: #0000ff;\">http:\/\/www.ciberoteca.com\/escolar\/<\/span><\/a><\/span><\/p>\n<p><span style=\"font-size: 8pt; font-family: verdana, geneva;\">Biblioteca Digital Hisp\u00e1nica<\/span><\/p>\n<p><span style=\"color: #0000ff; font-size: 8pt;\"><em><span style=\"font-family: verdana, geneva;\"><cite>bibliotecadigitalhispanica<\/cite><cite>.bne.es\/<\/cite><\/span><\/em><\/span><\/p>\n<p><span style=\"font-size: 8pt;\"><em><span style=\"font-family: verdana, geneva;\"><cite>Europeana<br \/><\/cite><\/span><\/em><\/span><\/p>\n<p><span style=\"font-size: 8pt; font-family: verdana, geneva; color: #0000ff;\"><cite><a href=\"http:\/\/www.europeana.eu\/\"><span style=\"color: #0000ff;\">www.<strong>europeana<\/strong>.eu\/<\/span><\/a><\/cite><\/span><\/p>\n<p><span style=\"font-size: 8pt; font-family: verdana, geneva;\">SEDICI Universidad Nacional de La Plata<cite><\/cite><\/span><\/p>\n<p><span style=\"font-size: 8pt; font-family: verdana, geneva; color: #0000ff;\"><cite><a href=\"http:\/\/sedici.unlp.edu.ar\/pages\/queEsSedici\"><span style=\"color: #0000ff;\">http:\/\/sedici.unlp.edu.ar\/pages\/queEsSedici<\/span><\/a><\/cite><\/span><\/p>\n<p><span style=\"font-size: 8pt; font-family: verdana, geneva;\">Centro de Documentaci\u00f3n (CEDOC) &#8211; Instituto Nacional de Formaci\u00f3n Docente (INFD) \u00a0<\/span><\/p>\n<p><span style=\"font-size: 8pt; font-family: verdana, geneva; color: #0000ff;\">\u00a0<a href=\"http:\/\/cedoc.infd.edu.ar\/index.cgi?wid_item=16&amp;wid_seccion=7\"><span style=\"color: #0000ff;\">http:\/\/cedoc.infd.edu.ar\/index.cgi?wid_item=16&amp;wid_seccion=7<\/span><\/a>}<\/span><\/p>\n<p><span style=\"font-size: 8pt; font-family: verdana, geneva; color: #000000;\"><a href=\"https:\/\/www.google.com.ar\/url?sa=t&amp;rct=j&amp;q=&amp;esrc=s&amp;source=web&amp;cd=9&amp;cad=rja&amp;uact=8&amp;ved=0ahUKEwjy7uK8yafJAhXQq5AKHcCQDIIQFgg0MAg&amp;url=http%3A%2F%2Funividafup.com%2Fbidi%2Fportfolio%2Fredalyc-2%2F&amp;usg=AFQjCNFhb-Nc1z2IX30ScWz7QgjZ-ZvPfg&amp;sig2=UCzCaYXWbh2KeQWAASgsvA\"><span style=\"color: #000000;\">Redalyc | Biblioteca Virtual &#8211; UNIVIDA<\/span><\/a><\/span><\/p>\n<p><span style=\"font-size: 8pt; font-family: verdana, geneva; color: #0000ff;\"><cite>unividafup.com\/bidi\/portfolio\/<strong>redalyc<\/strong>-2\/<\/cite><\/span><\/p>\n<ul>\n<li><strong style=\"font-family: verdana, geneva; font-size: 8pt;\">Atlas hist\u00f3ricos interactivos:<\/strong><\/li>\n<\/ul>\n<p><span style=\"font-size: 8pt; font-family: verdana, geneva;\">Atlas Hist\u00f3rico Mundial y Cronolog\u00edas desde 3000 a.C.<\/span><\/p>\n<p><span style=\"font-size: 8pt; font-family: verdana, geneva; color: #0000ff;\"><a href=\"http:\/\/geacron.com\/home-es\/?lang=es\"><span style=\"color: #0000ff;\">http:\/\/geacron.com\/home-es\/?lang=es<\/span><\/a><\/span><\/p>\n<p><span style=\"font-size: 8pt; font-family: verdana, geneva;\">Historia en mapas<\/span><\/p>\n<p><span style=\"font-size: 8pt; font-family: verdana, geneva; color: #0000ff;\"><a href=\"http:\/\/www.historia-en-mapas.com\/\"><span style=\"color: #0000ff;\">http:\/\/www.historia-en-mapas.com\/<\/span><\/a><\/span><\/p>\n<p><span style=\"font-size: 8pt; font-family: verdana, geneva;\">\u00a0<\/span><\/p>\n<ul>\n<li><span style=\"font-size: 8pt; font-family: verdana, geneva;\"><strong>Prensa<\/strong><\/span><\/li>\n<\/ul>\n<p><span style=\"font-size: 8pt; font-family: verdana, geneva;\">Los peri\u00f3dicos de todo el mundo &#8211; Online Newspapers<\/span><\/p>\n<p><span style=\"font-size: 8pt; font-family: verdana, geneva; color: #0000ff;\"><cite><a href=\"http:\/\/www.onlinenewspapers.com\/spanish-index.htm\"><span style=\"color: #0000ff;\">www.onlinenewspapers.com\/spanish-index.htm<\/span><\/a><\/cite><\/span><\/p>\n<p><span style=\"font-size: 8pt; font-family: verdana, geneva; color: #000000;\"><a href=\"https:\/\/www.google.com.ar\/url?sa=t&amp;rct=j&amp;q=&amp;esrc=s&amp;source=web&amp;cd=2&amp;cad=rja&amp;uact=8&amp;ved=0ahUKEwir6fP2harJAhXIMpAKHTpSC6sQFggsMAE&amp;url=http%3A%2F%2Fwww.diariosmundo.com%2F&amp;usg=AFQjCNG1YbN_PmccUmrZGaV6FLanqHvESA&amp;sig2=-XJlU-FMAPIEtXMdUx6lCg\"><span style=\"color: #000000;\">Diarios del Mundo<\/span><\/a><\/span><\/p>\n<p><span style=\"font-size: 8pt; font-family: verdana, geneva; color: #0000ff;\"><cite><a href=\"http:\/\/www.diariosmundo.com\/\"><span style=\"color: #0000ff;\">www.diarios<strong>mundo<\/strong>.com\/<\/span><\/a><\/cite><\/span><\/p>\n<p><span style=\"font-size: 8pt; font-family: verdana, geneva; color: #000000;\"><span style=\"color: #000000;\">Peri\u00f3dicos mundiales<\/span><\/span><\/p>\n<p><span style=\"font-size: 8pt; font-family: verdana, geneva; color: #0000ff;\"><cite><a href=\"http:\/\/www.periodicosmundiales.com\/\"><span style=\"color: #0000ff;\">www.<strong>periodicos<\/strong>mundiales.com\/<\/span><\/a><\/cite><\/span><\/p>\n<p><span style=\"font-size: 8pt; font-family: verdana, geneva;\">\u00a0<\/span><\/p>\n<ul>\n<li><span style=\"font-size: 8pt; font-family: verdana, geneva;\"><strong>Publicaciones peri\u00f3dicas en texto completo:<\/strong><\/span><\/li>\n<\/ul>\n<p><span style=\"font-size: 8pt; font-family: verdana, geneva;\">Scientific Electronic Library Online<\/span><\/p>\n<p><span style=\"font-size: 8pt; font-family: verdana, geneva; color: #0000ff;\"><a href=\"http:\/\/www.scielo.org\/php\/index.php?lang=es\"><span style=\"color: #0000ff;\">http:\/\/www.scielo.org\/php\/index.php?lang=es<\/span><\/a><\/span><\/p>\n<p><span style=\"font-size: 8pt; font-family: verdana, geneva;\">\u00a0<\/span><\/p>\n<ul>\n<li><span style=\"font-size: 8pt; font-family: verdana, geneva;\"><strong>Bases de datos:<\/strong><\/span><\/li>\n<\/ul>\n<p><span style=\"font-size: 8pt; font-family: verdana, geneva;\">Dialnet<\/span><\/p>\n<p><span style=\"font-size: 8pt; font-family: verdana, geneva; color: #0000ff;\"><a href=\"http:\/\/dialnet.unirioja.es\/\"><span style=\"color: #0000ff;\">http:\/\/dialnet.unirioja.es\/<\/span><\/a><\/span><\/p>\n<p><span style=\"font-size: 8pt; font-family: verdana, geneva;\">Dialnet: tesis doctorales<\/span><\/p>\n<p><span style=\"font-size: 8pt; font-family: verdana, geneva; color: #0000ff;\"><a href=\"http:\/\/dialnet.unirioja.es\/servlet\/portadatesis\"><span style=\"color: #0000ff;\">http:\/\/dialnet.unirioja.es\/servlet\/portadatesis<\/span><\/a><\/span><\/p>\n<p><span style=\"font-size: 8pt; font-family: verdana, geneva;\">\u00a0<\/span><\/p>\n<ul>\n<li><span style=\"font-size: 8pt; font-family: verdana, geneva;\"><strong>Redes de Bibliotecas:<\/strong><\/span><\/li>\n<\/ul>\n<p><span style=\"font-size: 8pt; font-family: verdana, geneva;\"><a href=\"https:\/\/www.google.com.ar\/url?sa=t&amp;rct=j&amp;q=&amp;esrc=s&amp;source=web&amp;cd=1&amp;cad=rja&amp;uact=8&amp;ved=0ahUKEwiWmpXM1KfJAhUTqpAKHTnhCGoQFggaMAA&amp;url=http%3A%2F%2Fsistemas1.buenosaires.edu.ar%2Fcomenius%2F&amp;usg=AFQjCNGfCzOPFFglT9ke4EgnbKfxj7qdbg&amp;sig2=J641gV3URrLD2_SQJCiqJA&amp;bvm=bv.108194040,d.Y2I\">Red Comenius &#8211; Educaci\u00f3n<\/a><\/span><\/p>\n<p><span style=\"font-size: 8pt; font-family: verdana, geneva;\"><cite>sistemas1.buenosaires.edu.ar\/comenius\/<\/cite><\/span><\/p>\n<p><span style=\"font-size: 8pt; font-family: verdana, geneva;\">CLACSO &#8211; RED DE BIBLIOTECAS VIRTUALES DE CIENCIAS SOCIALES EN AM\u00c9RICA LATINA Y EL CARIBE<\/span><\/p>\n<p><span style=\"font-size: 8pt; font-family: verdana, geneva; color: #0000ff;\"><a href=\"http:\/\/biblioteca.clacso.edu.ar\/\"><span style=\"color: #0000ff;\">http:\/\/biblioteca.clacso.edu.ar\/<\/span><\/a><\/span><\/p>\n<p><span style=\"font-size: 8pt; font-family: verdana, geneva;\"><em>RECIARIA &#8211; Red<\/em> de <em>redes<\/em>de informaci\u00f3n argentinas<\/span><\/p>\n<h3><span style=\"font-size: 8pt; font-family: verdana, geneva;\"><a href=\"https:\/\/www.google.com.ar\/url?sa=t&amp;rct=j&amp;q=&amp;esrc=s&amp;source=web&amp;cd=1&amp;cad=rja&amp;uact=8&amp;ved=0ahUKEwjM8Lj11KfJAhUFOpAKHfkGAGQQFggaMAA&amp;url=https%3A%2F%2Fsites.google.com%2Fsite%2Freciariaorg%2F&amp;usg=AFQjCNFS36GfruBNImkIsJqT950E-SMHPg&amp;sig2=hN5NCL0f_Y_eqdgyfygu3A&amp;bvm=bv.108194040,d.Y2I\">RECIARIAOrg &#8211; Google Sites<\/a><\/span><\/h3>\n<p><span style=\"font-size: 8pt; font-family: verdana, geneva; color: #0000ff;\"><cite><a href=\"https:\/\/sites.google.com\/site\/reciariaorg\/\"><span style=\"color: #0000ff;\">https:\/\/sites.google.com\/site\/<strong>reciaria<\/strong>org\/<\/span><\/a><\/cite><\/span><\/p>\n<p><span style=\"font-size: 8pt; font-family: verdana, geneva;\">Cat\u00e1logo colectivo mundial Worldcat<\/span><\/p>\n<h3><span style=\"font-size: 8pt; font-family: verdana, geneva;\"><a href=\"https:\/\/www.google.com.ar\/url?sa=t&amp;rct=j&amp;q=&amp;esrc=s&amp;source=web&amp;cd=3&amp;cad=rja&amp;uact=8&amp;ved=0ahUKEwjRlKSz1afJAhVSK5AKHeOHDnYQFggkMAI&amp;url=https%3A%2F%2Fwww.worldcat.org%2F&amp;usg=AFQjCNEryV-8RJUhmpTR69COINOXKlKCSQ&amp;sig2=N2KsHZ2HWn5mpbPZEn3CCw&amp;bvm=bv.108194040,d.Y2I\">WorldCat.org: The World&#8217;s Largest Library Catalog<\/a><\/span><\/h3>\n<p><span style=\"font-size: 8pt; font-family: verdana, geneva; color: #0000ff;\"><cite><a href=\"https:\/\/www.worldcat.org\/\"><span style=\"color: #0000ff;\">https:\/\/www.<strong>worldcat<\/strong>.org\/<\/span><\/a><\/cite><\/span><\/p>\n<p><span style=\"font-size: 8pt; font-family: verdana, geneva;\"><cite>\u00a0<\/cite><\/span><\/p>\n<ul>\n<li><span style=\"font-size: 8pt;\"><span style=\"font-family: verdana, geneva;\"><cite><\/cite><em><cite>Gestor de citas bibliogr\u00e1ficas de acceso libre<strong>:\u00a0<\/strong><\/cite><\/em><\/span><em><span style=\"font-family: verdana, geneva;\"><cite>Zotero<\/cite><\/span><\/em><\/span><\/li>\n<\/ul>\n<p><span style=\"font-size: 8pt; font-family: verdana, geneva; color: #0000ff;\"><cite><a href=\"https:\/\/biblioteca.ulpgc.es\/files\/repositorio_de_docum152\/guias\/recursos-e\/guia_zotero.pdf\"><span style=\"color: #0000ff;\">https:\/\/biblioteca.ulpgc.es\/files\/repositorio_de_docum152\/guias\/recursos-e\/guia_zotero.pdf<\/span><\/a><\/cite><\/span><\/p>\n<p><span style=\"font-size: 8pt; font-family: verdana, geneva;\"><cite>\u00a0<\/cite><\/span><\/p>\n<p><span style=\"font-size: 8pt; font-family: verdana, geneva;\">\u00a0<\/span><\/p>\n<p><span style=\"font-size: 8pt; font-family: verdana, geneva;\">\u00a0<\/span><\/p>\n\n\n<p><\/p>\n","protected":false},"excerpt":{"rendered":"<p>Biblioteca ENS N\u00b0 8 de Nivel Terciario \u201cMar\u00eda de la Paz\u201d \u00a0 La Biblioteca ENS N\u00b0 8 de Nivel Terciario \u201cMar\u00eda de la Paz\u201d comparte su espacio f\u00edsico con la Biblioteca de Nivel Medio. Cuenta con material de referencia general, documentos curriculares y recursos especializados en educaci\u00f3n primaria y educaci\u00f3n inicial, en distintos soportes.. Posee &#8230; <a title=\"Biblioteca\" class=\"read-more\" href=\"https:\/\/ens8-caba.infd.edu.ar\/sitio\/biblioteca-4\/\" aria-label=\"More on Biblioteca\">[+]<\/a><\/p>\n","protected":false},"author":1393,"featured_media":0,"parent":0,"menu_order":0,"comment_status":"closed","ping_status":"closed","template":"","meta":[],"acf":[],"_links":{"self":[{"href":"https:\/\/ens8-caba.infd.edu.ar\/sitio\/wp-json\/wp\/v2\/pages\/1264"}],"collection":[{"href":"https:\/\/ens8-caba.infd.edu.ar\/sitio\/wp-json\/wp\/v2\/pages"}],"about":[{"href":"https:\/\/ens8-caba.infd.edu.ar\/sitio\/wp-json\/wp\/v2\/types\/page"}],"author":[{"embeddable":true,"href":"https:\/\/ens8-caba.infd.edu.ar\/sitio\/wp-json\/wp\/v2\/users\/1393"}],"replies":[{"embeddable":true,"href":"https:\/\/ens8-caba.infd.edu.ar\/sitio\/wp-json\/wp\/v2\/comments?post=1264"}],"version-history":[{"count":7,"href":"https:\/\/ens8-caba.infd.edu.ar\/sitio\/wp-json\/wp\/v2\/pages\/1264\/revisions"}],"predecessor-version":[{"id":1981,"href":"https:\/\/ens8-caba.infd.edu.ar\/sitio\/wp-json\/wp\/v2\/pages\/1264\/revisions\/1981"}],"wp:attachment":[{"href":"https:\/\/ens8-caba.infd.edu.ar\/sitio\/wp-json\/wp\/v2\/media?parent=1264"}],"curies":[{"name":"wp","href":"https:\/\/api.w.org\/{rel}","templated":true}]}}