{"id":2416,"date":"2023-09-12T16:18:04","date_gmt":"2023-09-12T19:18:04","guid":{"rendered":"https:\/\/ens8-caba.infd.edu.ar\/sitio\/?page_id=2416"},"modified":"2023-09-13T15:35:41","modified_gmt":"2023-09-13T18:35:41","slug":"plan-de-trabajo-2023","status":"publish","type":"page","link":"https:\/\/ens8-caba.infd.edu.ar\/sitio\/plan-de-trabajo-2023\/","title":{"rendered":"Plan de Trabajo 2023"},"content":{"rendered":"\n<p><\/p>\n\n\n\n<p class=\"has-text-color\" style=\"color:#af4bab\"><strong>Segunda Jornada ESI <\/strong><\/p>\n\n\n\n<p>Con la colaboraci\u00f3n de profesoras y autoridades de los niveles Inicial y Primario, se arm\u00f3 una mesa de libros y materiales para que nuestros\/as estudiantes y docentes pudieran revisar, leer, hojear y tomar nota de aquello que les resulte de inter\u00e9s. <\/p>\n\n\n\n<p>Fue una oportunidad de acercarse a distintos materiales curriculares, leyes, libros de texto y literarios, para abordar esta tem\u00e1tica en los niveles Inicial y Primario.<\/p>\n\n\n\n<p>Por otro lado, el\u00a0Centro de Estudiantes<strong>,<\/strong>\u00a0arm\u00f3 un Padlet, cuyo enlace dejamos a continuaci\u00f3n, con bibliograf\u00eda y materiales para consultar.<\/p>\n\n\n\n<p class=\"has-text-color\" style=\"color:#f0aaf3\"><a rel=\"noreferrer noopener\" href=\"https:\/\/es.padlet.com\/mariel21creaciones\/jornada-esi-2023-pw1jl8yu95itg3xj\" data-type=\"URL\" data-id=\"https:\/\/es.padlet.com\/mariel21creaciones\/jornada-esi-2023-pw1jl8yu95itg3xj\" target=\"_blank\">Padlet Segunda Jornada ESI ENS 8<\/a><\/p>\n\n\n<div class=\"wp-block-image\">\n<figure class=\"aligncenter size-full\"><img decoding=\"async\" loading=\"lazy\" width=\"530\" height=\"640\" src=\"https:\/\/ens8-caba.infd.edu.ar\/sitio\/wp-content\/uploads\/2023\/09\/image-1.png\" alt=\"\" class=\"wp-image-2430\"\/><\/figure><\/div>","protected":false},"excerpt":{"rendered":"<p>Segunda Jornada ESI Con la colaboraci\u00f3n de profesoras y autoridades de los niveles Inicial y Primario, se arm\u00f3 una mesa de libros y materiales para que nuestros\/as estudiantes y docentes pudieran revisar, leer, hojear y tomar nota de aquello que les resulte de inter\u00e9s. Fue una oportunidad de acercarse a distintos materiales curriculares, leyes, libros &#8230; <a title=\"Plan de Trabajo 2023\" class=\"read-more\" href=\"https:\/\/ens8-caba.infd.edu.ar\/sitio\/plan-de-trabajo-2023\/\" aria-label=\"More on Plan de Trabajo 2023\">[+]<\/a><\/p>\n","protected":false},"author":1389,"featured_media":0,"parent":0,"menu_order":0,"comment_status":"closed","ping_status":"closed","template":"","meta":[],"acf":[],"_links":{"self":[{"href":"https:\/\/ens8-caba.infd.edu.ar\/sitio\/wp-json\/wp\/v2\/pages\/2416"}],"collection":[{"href":"https:\/\/ens8-caba.infd.edu.ar\/sitio\/wp-json\/wp\/v2\/pages"}],"about":[{"href":"https:\/\/ens8-caba.infd.edu.ar\/sitio\/wp-json\/wp\/v2\/types\/page"}],"author":[{"embeddable":true,"href":"https:\/\/ens8-caba.infd.edu.ar\/sitio\/wp-json\/wp\/v2\/users\/1389"}],"replies":[{"embeddable":true,"href":"https:\/\/ens8-caba.infd.edu.ar\/sitio\/wp-json\/wp\/v2\/comments?post=2416"}],"version-history":[{"count":2,"href":"https:\/\/ens8-caba.infd.edu.ar\/sitio\/wp-json\/wp\/v2\/pages\/2416\/revisions"}],"predecessor-version":[{"id":2431,"href":"https:\/\/ens8-caba.infd.edu.ar\/sitio\/wp-json\/wp\/v2\/pages\/2416\/revisions\/2431"}],"wp:attachment":[{"href":"https:\/\/ens8-caba.infd.edu.ar\/sitio\/wp-json\/wp\/v2\/media?parent=2416"}],"curies":[{"name":"wp","href":"https:\/\/api.w.org\/{rel}","templated":true}]}}